{"id":2912,"date":"2023-01-01T11:38:49","date_gmt":"2023-01-01T15:38:49","guid":{"rendered":"https:\/\/marianomoreno.gob.ec\/azuay\/?page_id=2912"},"modified":"2024-06-29T00:10:19","modified_gmt":"2024-06-29T04:10:19","slug":"rendicion-de-cuentas-2023","status":"publish","type":"page","link":"https:\/\/marianomoreno.gob.ec\/azuay\/rendicion-de-cuentas-2023\/","title":{"rendered":"Rendici\u00f3n de Cuentas 2023"},"content":{"rendered":"<p><img loading=\"lazy\" decoding=\"async\" class=\"alignnone wp-image-3944\" src=\"https:\/\/marianomoreno.gob.ec\/azuay\/wp-content\/uploads\/2024\/05\/WhatsApp-Image-2024-05-22-at-08.26.50.jpeg\" alt=\"\" width=\"258\" height=\"361\" srcset=\"https:\/\/marianomoreno.gob.ec\/azuay\/wp-content\/uploads\/2024\/05\/WhatsApp-Image-2024-05-22-at-08.26.50.jpeg 913w, https:\/\/marianomoreno.gob.ec\/azuay\/wp-content\/uploads\/2024\/05\/WhatsApp-Image-2024-05-22-at-08.26.50-550x771.jpeg 550w, https:\/\/marianomoreno.gob.ec\/azuay\/wp-content\/uploads\/2024\/05\/WhatsApp-Image-2024-05-22-at-08.26.50-730x1024.jpeg 730w, https:\/\/marianomoreno.gob.ec\/azuay\/wp-content\/uploads\/2024\/05\/WhatsApp-Image-2024-05-22-at-08.26.50-768x1077.jpeg 768w\" sizes=\"auto, (max-width: 258px) 100vw, 258px\" \/><\/p>\n<p>FASE 1: <strong>PLANIFICACI\u00d3N Y FACILITACI\u00d3N DEL PROCESO DESDE LA ASAMBLEA LOCAL<\/strong><\/p>\n<p><strong>Organizaci\u00f3n del proceso<\/strong><\/p>\n<p><a href=\"https:\/\/marianomoreno.gob.ec\/azuay\/wp-content\/uploads\/2024\/06\/OFICIO-2024-82-signed-1.pdf\">OFICIO 2024-82-signed<\/a><\/p>\n<p><strong>\u2060Consulta Ciudadana<\/strong><\/p>\n<p><a href=\"https:\/\/www.facebook.com\/photo\/?fbid=794376669397582&amp;set=a.102912588543997\">https:\/\/www.facebook.com\/photo\/?fbid=794376669397582&amp;set=a.102912588543997<\/a><\/p>\n<p><img loading=\"lazy\" decoding=\"async\" class=\"alignnone wp-image-3968\" src=\"https:\/\/marianomoreno.gob.ec\/azuay\/wp-content\/uploads\/2024\/06\/INVI.jpeg\" alt=\"\" width=\"255\" height=\"397\" srcset=\"https:\/\/marianomoreno.gob.ec\/azuay\/wp-content\/uploads\/2024\/06\/INVI.jpeg 1028w, https:\/\/marianomoreno.gob.ec\/azuay\/wp-content\/uploads\/2024\/06\/INVI-514x800.jpeg 514w, https:\/\/marianomoreno.gob.ec\/azuay\/wp-content\/uploads\/2024\/06\/INVI-658x1024.jpeg 658w, https:\/\/marianomoreno.gob.ec\/azuay\/wp-content\/uploads\/2024\/06\/INVI-768x1195.jpeg 768w, https:\/\/marianomoreno.gob.ec\/azuay\/wp-content\/uploads\/2024\/06\/INVI-987x1536.jpeg 987w\" sizes=\"auto, (max-width: 255px) 100vw, 255px\" \/><\/p>\n<p><strong>\u2060Entrega de temas para que el GAD rinda cuentas<\/strong><\/p>\n<p>No existe<\/p>\n<p>FASE 2: <strong>EVALUACI\u00d3N DE LA GESTI\u00d3N Y ELABORACI\u00d3N DEL INFORME INSTITUCIONAL<\/strong><\/p>\n<p><strong>Aprobaci\u00f3n del informe por el GAD<\/strong><\/p>\n<p><a href=\"https:\/\/marianomoreno.gob.ec\/azuay\/wp-content\/uploads\/2024\/06\/Acta-001-RC.pdf\">Acta 001 RC<\/a><\/p>\n<p><a href=\"https:\/\/marianomoreno.gob.ec\/azuay\/wp-content\/uploads\/2024\/06\/Acta-002-RC.pdf\">Acta 002 RC<\/a><\/p>\n<p>FASE 3: <strong>DELIBERACI\u00d3N P\u00daBLICA Y EVALUACI\u00d3N CIUDADANA DEL INFORME INSTITUCIONAL<\/strong><\/p>\n<p><strong>Convocatoria a la deliberaci\u00f3n p\u00fablica y evaluaci\u00f3n ciudadana<\/strong><\/p>\n<p><a href=\"https:\/\/marianomoreno.gob.ec\/azuay\/wp-content\/uploads\/2024\/06\/Invitacion-Rendicion-de-Cuentas.pdf\">Invitacio\u0301n Rendicio\u0301n de Cuentas<\/a><\/p>\n<p><a href=\"https:\/\/marianomoreno.gob.ec\/azuay\/wp-content\/uploads\/2024\/06\/Orden-del-Dia-Rendicion-de-Cuentas-1.pdf\">Orden del Di\u0301a Rendicio\u0301n de Cuentas (1)<\/a><\/p>\n<p><b>Deliberaci\u00f3n p\u00fablica y evaluaci\u00f3n ciudadana<\/b><\/p>\n<p><a href=\"https:\/\/marianomoreno.gob.ec\/azuay\/wp-content\/uploads\/2024\/06\/Rendicion-de-Cuentas-ano-2023.pdf\">Rendicio\u0301n de Cuentas an\u0303o 2023<\/a><\/p>\n<p><a href=\"https:\/\/marianomoreno.gob.ec\/azuay\/wp-content\/uploads\/2024\/06\/Registro-Rendicion-de-Cuentas-1.pdf\">Registro Rendicio\u0301n de Cuentas<\/a><\/p>\n<p><a href=\"https:\/\/www.facebook.com\/watch\/live\/?ref=watch_permalink&amp;v=1166328194556955\">https:\/\/www.facebook.com\/watch\/live\/?ref=watch_permalink&amp;v=1166328194556955<\/a><\/p>\n<p>FASE 4: <strong>INCORPORACI\u00d3N DE LA OPINI\u00d3N CIUDADANA RETROALIMENTACI\u00d3N Y SEGUIMIENTO<\/strong><\/p>\n<p><strong>Entrega del Informe de Rendici\u00f3n de Cuentas al CPCCS<\/strong><\/p>\n<p><a href=\"https:\/\/marianomoreno.gob.ec\/azuay\/wp-content\/uploads\/2024\/06\/INFORME-DE-RENDICION-DE-CUENTAS-No-13020-PERIODO-2023-1.pdf\">INFORME DE RENDICI\u00d3N DE CUENTAS No 13020-PERIODO 2023<\/a><\/p>\n<p><a href=\"https:\/\/marianomoreno.gob.ec\/azuay\/wp-content\/uploads\/2024\/06\/FORMULARIO-RC-2023-GAD-MARIANO-MORENO.pdf\">FORMULARIO RC-2023-GAD- MARIANO MORENO<\/a><\/p>\n<p><strong>Monitoreo del cumplimiento del proceso por el CPCCS<\/strong><\/p>\n<p><strong><span style=\"font-size: 14pt;\">RENDICI\u00d3N DE CUENTAS DE AUTORIDADES DEL PERIODO 2023<\/span><\/strong><\/p>\n<p><strong>Sr. Luis Borja Presidente<\/strong><\/p>\n<p><a href=\"https:\/\/marianomoreno.gob.ec\/azuay\/wp-content\/uploads\/2024\/06\/FORMULARIO-TM-RC-LUIS.pdf\">FORMULARIO TM-RC-LUIS<\/a><\/p>\n<p><a href=\"https:\/\/marianomoreno.gob.ec\/azuay\/wp-content\/uploads\/2024\/06\/Formulario-Presidente-Mariano-Moreno.pdf\">Formulario &#8211; Presidente Mariano Moreno<\/a><\/p>\n<p><a href=\"https:\/\/marianomoreno.gob.ec\/azuay\/wp-content\/uploads\/2024\/06\/Rendicion-de-Cuentas-ano-2023-1.pdf\">Rendicio\u0301n de Cuentas an\u0303o 2023<\/a><\/p>\n<p><a href=\"https:\/\/marianomoreno.gob.ec\/azuay\/wp-content\/uploads\/2024\/06\/Consulta-de-estado-tributario-Luis-Borja.pdf\">Consulta de estado tributario- Luis Borja<\/a><\/p>\n<p><strong>Ing. Tania Molina Vicepresidenta<\/strong><\/p>\n<p><a href=\"https:\/\/marianomoreno.gob.ec\/azuay\/wp-content\/uploads\/2024\/06\/RENDICION-CUENTAS-TM2023.pdf\">RENDICION CUENTAS TM2023<\/a><\/p>\n<p><a href=\"https:\/\/marianomoreno.gob.ec\/azuay\/wp-content\/uploads\/2024\/06\/Certificado_Cumplimiento_Tributario.pdf\">Certificado_Cumplimiento_Tributario<\/a><\/p>\n<p><a href=\"https:\/\/marianomoreno.gob.ec\/azuay\/wp-content\/uploads\/2024\/06\/Formulario-TM-RC.pdf\">Formulario TM-RC<\/a><\/p>\n<p><a href=\"https:\/\/marianomoreno.gob.ec\/azuay\/wp-content\/uploads\/2024\/06\/Formulario-finalizado-TM.pdf\">Formulario finalizado TM<\/a><\/p>\n<p><strong>Sr. Hermen Amaya\u00a0 Vocal<\/strong><\/p>\n<p><a href=\"https:\/\/marianomoreno.gob.ec\/azuay\/wp-content\/uploads\/2024\/06\/FORMULARIO-RENDICION-DE-CUENTAS-HERMEN-AMAYA.pdf\">FORMULARIO RENDICI\u00d3N DE CUENTAS HERMEN AMAYA<\/a><\/p>\n<p><a href=\"https:\/\/marianomoreno.gob.ec\/azuay\/wp-content\/uploads\/2024\/06\/Autoridades-1.pdf\">Autoridades (1)<\/a><\/p>\n<div style=\"width: 448px;\" class=\"wp-video\"><!--[if lt IE 9]><script>document.createElement('video');<\/script><![endif]-->\n<video class=\"wp-video-shortcode\" id=\"video-2912-1\" width=\"448\" height=\"848\" preload=\"metadata\" controls=\"controls\"><source type=\"video\/mp4\" src=\"https:\/\/marianomoreno.gob.ec\/azuay\/wp-content\/uploads\/2024\/06\/WhatsApp-Video-2024-06-27-at-18.55.24.mp4?_=1\" \/><a href=\"https:\/\/marianomoreno.gob.ec\/azuay\/wp-content\/uploads\/2024\/06\/WhatsApp-Video-2024-06-27-at-18.55.24.mp4\">https:\/\/marianomoreno.gob.ec\/azuay\/wp-content\/uploads\/2024\/06\/WhatsApp-Video-2024-06-27-at-18.55.24.mp4<\/a><\/video><\/div>\n<p><span style=\"font-size: 12pt;\"><strong>Sra. Eva Espinoza Vocal<\/strong><\/span><\/p>\n<p><a href=\"https:\/\/marianomoreno.gob.ec\/azuay\/wp-content\/uploads\/2024\/06\/Formulario-EVA.pdf\">Formulario EVA<\/a><\/p>\n<p><a href=\"https:\/\/marianomoreno.gob.ec\/azuay\/wp-content\/uploads\/2024\/06\/EVA-ESPINOZA-2024-Autoridades.pdf\">EVA ESPINOZA-2024 ,Autoridades<\/a><\/p>\n<p><a href=\"https:\/\/marianomoreno.gob.ec\/azuay\/wp-content\/uploads\/2024\/06\/RENDICION-DE-CUENTAS-EVA-.pdf\">RENDICIO\u0301N DE CUENTAS EVA<\/a><\/p>\n<p><a href=\"https:\/\/marianomoreno.gob.ec\/azuay\/wp-content\/uploads\/2024\/06\/Certificado_Cumplimiento_TributarioEVA.pdf\">Certificado_Cumplimiento_TributarioEVA<\/a><\/p>\n<p><strong>Sr. Carlos Villegas<\/strong><\/p>\n<p><a href=\"https:\/\/marianomoreno.gob.ec\/azuay\/wp-content\/uploads\/2024\/06\/Rendicion-de-cuentas-2023-Carlos-Villegas.pdf\">Rendici\u00f3n de cuentas 2023 Carlos Villegas<\/a><\/p>\n<p><a href=\"https:\/\/marianomoreno.gob.ec\/azuay\/wp-content\/uploads\/2024\/06\/FORMULARIO-RENDICION-DE-CUENTAS-DON-CARLITOS-signed.pdf\">FORMULARIO RENDICI\u00d3N DE CUENTAS DON CARLITOS-signed<\/a><\/p>\n","protected":false},"excerpt":{"rendered":"<p>FASE 1: PLANIFICACI\u00d3N Y FACILITACI\u00d3N DEL PROCESO DESDE LA ASAMBLEA LOCAL Organizaci\u00f3n del proceso OFICIO 2024-82-signed \u2060Consulta Ciudadana https:\/\/www.facebook.com\/photo\/?fbid=794376669397582&amp;set=a.102912588543997 \u2060Entrega de temas para que el GAD rinda cuentas No existe FASE 2: EVALUACI\u00d3N DE LA GESTI\u00d3N Y ELABORACI\u00d3N DEL INFORME INSTITUCIONAL Aprobaci\u00f3n del informe por el GAD Acta 001 RC Acta 002 RC FASE 3: [&hellip;]<\/p>\n","protected":false},"author":6,"featured_media":0,"parent":0,"menu_order":0,"comment_status":"closed","ping_status":"closed","template":"","meta":{"footnotes":""},"class_list":["post-2912","page","type-page","status-publish","hentry"],"yoast_head":"<!-- This site is optimized with the Yoast SEO plugin v25.3.1 - https:\/\/yoast.com\/wordpress\/plugins\/seo\/ -->\n<title>Rendici\u00f3n de Cuentas 2023 - GAD parroquial Mariano Moreno<\/title>\n<meta name=\"robots\" content=\"index, follow, max-snippet:-1, max-image-preview:large, max-video-preview:-1\" \/>\n<link rel=\"canonical\" href=\"https:\/\/marianomoreno.gob.ec\/azuay\/rendicion-de-cuentas-2023\/\" \/>\n<meta property=\"og:locale\" content=\"es_ES\" \/>\n<meta property=\"og:type\" content=\"article\" \/>\n<meta property=\"og:title\" content=\"Rendici\u00f3n de Cuentas 2023 - GAD parroquial Mariano Moreno\" \/>\n<meta property=\"og:description\" content=\"FASE 1: PLANIFICACI\u00d3N Y FACILITACI\u00d3N DEL PROCESO DESDE LA ASAMBLEA LOCAL Organizaci\u00f3n del proceso OFICIO 2024-82-signed \u2060Consulta Ciudadana https:\/\/www.facebook.com\/photo\/?fbid=794376669397582&amp;set=a.102912588543997 \u2060Entrega de temas para que el GAD rinda cuentas No existe FASE 2: EVALUACI\u00d3N DE LA GESTI\u00d3N Y ELABORACI\u00d3N DEL INFORME INSTITUCIONAL Aprobaci\u00f3n del informe por el GAD Acta 001 RC Acta 002 RC FASE 3: [&hellip;]\" \/>\n<meta property=\"og:url\" content=\"https:\/\/marianomoreno.gob.ec\/azuay\/rendicion-de-cuentas-2023\/\" \/>\n<meta property=\"og:site_name\" content=\"GAD parroquial Mariano Moreno\" \/>\n<meta property=\"article:modified_time\" content=\"2024-06-29T04:10:19+00:00\" \/>\n<meta property=\"og:image\" content=\"https:\/\/marianomoreno.gob.ec\/azuay\/wp-content\/uploads\/2024\/05\/WhatsApp-Image-2024-05-22-at-08.26.50.jpeg\" \/>\n<meta name=\"twitter:card\" content=\"summary_large_image\" \/>\n<meta name=\"twitter:label1\" content=\"Tiempo de lectura\" \/>\n\t<meta name=\"twitter:data1\" content=\"2 minutos\" \/>\n<script type=\"application\/ld+json\" class=\"yoast-schema-graph\">{\"@context\":\"https:\/\/schema.org\",\"@graph\":[{\"@type\":\"WebPage\",\"@id\":\"https:\/\/marianomoreno.gob.ec\/azuay\/rendicion-de-cuentas-2023\/\",\"url\":\"https:\/\/marianomoreno.gob.ec\/azuay\/rendicion-de-cuentas-2023\/\",\"name\":\"Rendici\u00f3n de Cuentas 2023 - GAD parroquial Mariano Moreno\",\"isPartOf\":{\"@id\":\"https:\/\/marianomoreno.gob.ec\/azuay\/#website\"},\"primaryImageOfPage\":{\"@id\":\"https:\/\/marianomoreno.gob.ec\/azuay\/rendicion-de-cuentas-2023\/#primaryimage\"},\"image\":{\"@id\":\"https:\/\/marianomoreno.gob.ec\/azuay\/rendicion-de-cuentas-2023\/#primaryimage\"},\"thumbnailUrl\":\"https:\/\/marianomoreno.gob.ec\/azuay\/wp-content\/uploads\/2024\/05\/WhatsApp-Image-2024-05-22-at-08.26.50.jpeg\",\"datePublished\":\"2023-01-01T15:38:49+00:00\",\"dateModified\":\"2024-06-29T04:10:19+00:00\",\"breadcrumb\":{\"@id\":\"https:\/\/marianomoreno.gob.ec\/azuay\/rendicion-de-cuentas-2023\/#breadcrumb\"},\"inLanguage\":\"es\",\"potentialAction\":[{\"@type\":\"ReadAction\",\"target\":[\"https:\/\/marianomoreno.gob.ec\/azuay\/rendicion-de-cuentas-2023\/\"]}]},{\"@type\":\"ImageObject\",\"inLanguage\":\"es\",\"@id\":\"https:\/\/marianomoreno.gob.ec\/azuay\/rendicion-de-cuentas-2023\/#primaryimage\",\"url\":\"https:\/\/marianomoreno.gob.ec\/azuay\/wp-content\/uploads\/2024\/05\/WhatsApp-Image-2024-05-22-at-08.26.50.jpeg\",\"contentUrl\":\"https:\/\/marianomoreno.gob.ec\/azuay\/wp-content\/uploads\/2024\/05\/WhatsApp-Image-2024-05-22-at-08.26.50.jpeg\",\"width\":913,\"height\":1280},{\"@type\":\"BreadcrumbList\",\"@id\":\"https:\/\/marianomoreno.gob.ec\/azuay\/rendicion-de-cuentas-2023\/#breadcrumb\",\"itemListElement\":[{\"@type\":\"ListItem\",\"position\":1,\"name\":\"Portada\",\"item\":\"https:\/\/marianomoreno.gob.ec\/azuay\/\"},{\"@type\":\"ListItem\",\"position\":2,\"name\":\"Rendici\u00f3n de Cuentas 2023\"}]},{\"@type\":\"WebSite\",\"@id\":\"https:\/\/marianomoreno.gob.ec\/azuay\/#website\",\"url\":\"https:\/\/marianomoreno.gob.ec\/azuay\/\",\"name\":\"GAD parroquial Mariano Moreno\",\"description\":\"Sitio Oficial del GAD Parroquial Mariano Moreno Azuay\",\"publisher\":{\"@id\":\"https:\/\/marianomoreno.gob.ec\/azuay\/#organization\"},\"potentialAction\":[{\"@type\":\"SearchAction\",\"target\":{\"@type\":\"EntryPoint\",\"urlTemplate\":\"https:\/\/marianomoreno.gob.ec\/azuay\/?s={search_term_string}\"},\"query-input\":{\"@type\":\"PropertyValueSpecification\",\"valueRequired\":true,\"valueName\":\"search_term_string\"}}],\"inLanguage\":\"es\"},{\"@type\":\"Organization\",\"@id\":\"https:\/\/marianomoreno.gob.ec\/azuay\/#organization\",\"name\":\"GAD Mariano Moreno Azuay\",\"url\":\"https:\/\/marianomoreno.gob.ec\/azuay\/\",\"logo\":{\"@type\":\"ImageObject\",\"inLanguage\":\"es\",\"@id\":\"https:\/\/marianomoreno.gob.ec\/azuay\/#\/schema\/logo\/image\/\",\"url\":\"https:\/\/marianomoreno.gob.ec\/azuay\/wp-content\/uploads\/2020\/06\/logoFooter.png\",\"contentUrl\":\"https:\/\/marianomoreno.gob.ec\/azuay\/wp-content\/uploads\/2020\/06\/logoFooter.png\",\"width\":200,\"height\":150,\"caption\":\"GAD Mariano Moreno Azuay\"},\"image\":{\"@id\":\"https:\/\/marianomoreno.gob.ec\/azuay\/#\/schema\/logo\/image\/\"}}]}<\/script>\n<!-- \/ Yoast SEO plugin. -->","yoast_head_json":{"title":"Rendici\u00f3n de Cuentas 2023 - GAD parroquial Mariano Moreno","robots":{"index":"index","follow":"follow","max-snippet":"max-snippet:-1","max-image-preview":"max-image-preview:large","max-video-preview":"max-video-preview:-1"},"canonical":"https:\/\/marianomoreno.gob.ec\/azuay\/rendicion-de-cuentas-2023\/","og_locale":"es_ES","og_type":"article","og_title":"Rendici\u00f3n de Cuentas 2023 - GAD parroquial Mariano Moreno","og_description":"FASE 1: PLANIFICACI\u00d3N Y FACILITACI\u00d3N DEL PROCESO DESDE LA ASAMBLEA LOCAL Organizaci\u00f3n del proceso OFICIO 2024-82-signed \u2060Consulta Ciudadana https:\/\/www.facebook.com\/photo\/?fbid=794376669397582&amp;set=a.102912588543997 \u2060Entrega de temas para que el GAD rinda cuentas No existe FASE 2: EVALUACI\u00d3N DE LA GESTI\u00d3N Y ELABORACI\u00d3N DEL INFORME INSTITUCIONAL Aprobaci\u00f3n del informe por el GAD Acta 001 RC Acta 002 RC FASE 3: [&hellip;]","og_url":"https:\/\/marianomoreno.gob.ec\/azuay\/rendicion-de-cuentas-2023\/","og_site_name":"GAD parroquial Mariano Moreno","article_modified_time":"2024-06-29T04:10:19+00:00","og_image":[{"url":"https:\/\/marianomoreno.gob.ec\/azuay\/wp-content\/uploads\/2024\/05\/WhatsApp-Image-2024-05-22-at-08.26.50.jpeg","type":"","width":"","height":""}],"twitter_card":"summary_large_image","twitter_misc":{"Tiempo de lectura":"2 minutos"},"schema":{"@context":"https:\/\/schema.org","@graph":[{"@type":"WebPage","@id":"https:\/\/marianomoreno.gob.ec\/azuay\/rendicion-de-cuentas-2023\/","url":"https:\/\/marianomoreno.gob.ec\/azuay\/rendicion-de-cuentas-2023\/","name":"Rendici\u00f3n de Cuentas 2023 - GAD parroquial Mariano Moreno","isPartOf":{"@id":"https:\/\/marianomoreno.gob.ec\/azuay\/#website"},"primaryImageOfPage":{"@id":"https:\/\/marianomoreno.gob.ec\/azuay\/rendicion-de-cuentas-2023\/#primaryimage"},"image":{"@id":"https:\/\/marianomoreno.gob.ec\/azuay\/rendicion-de-cuentas-2023\/#primaryimage"},"thumbnailUrl":"https:\/\/marianomoreno.gob.ec\/azuay\/wp-content\/uploads\/2024\/05\/WhatsApp-Image-2024-05-22-at-08.26.50.jpeg","datePublished":"2023-01-01T15:38:49+00:00","dateModified":"2024-06-29T04:10:19+00:00","breadcrumb":{"@id":"https:\/\/marianomoreno.gob.ec\/azuay\/rendicion-de-cuentas-2023\/#breadcrumb"},"inLanguage":"es","potentialAction":[{"@type":"ReadAction","target":["https:\/\/marianomoreno.gob.ec\/azuay\/rendicion-de-cuentas-2023\/"]}]},{"@type":"ImageObject","inLanguage":"es","@id":"https:\/\/marianomoreno.gob.ec\/azuay\/rendicion-de-cuentas-2023\/#primaryimage","url":"https:\/\/marianomoreno.gob.ec\/azuay\/wp-content\/uploads\/2024\/05\/WhatsApp-Image-2024-05-22-at-08.26.50.jpeg","contentUrl":"https:\/\/marianomoreno.gob.ec\/azuay\/wp-content\/uploads\/2024\/05\/WhatsApp-Image-2024-05-22-at-08.26.50.jpeg","width":913,"height":1280},{"@type":"BreadcrumbList","@id":"https:\/\/marianomoreno.gob.ec\/azuay\/rendicion-de-cuentas-2023\/#breadcrumb","itemListElement":[{"@type":"ListItem","position":1,"name":"Portada","item":"https:\/\/marianomoreno.gob.ec\/azuay\/"},{"@type":"ListItem","position":2,"name":"Rendici\u00f3n de Cuentas 2023"}]},{"@type":"WebSite","@id":"https:\/\/marianomoreno.gob.ec\/azuay\/#website","url":"https:\/\/marianomoreno.gob.ec\/azuay\/","name":"GAD parroquial Mariano Moreno","description":"Sitio Oficial del GAD Parroquial Mariano Moreno Azuay","publisher":{"@id":"https:\/\/marianomoreno.gob.ec\/azuay\/#organization"},"potentialAction":[{"@type":"SearchAction","target":{"@type":"EntryPoint","urlTemplate":"https:\/\/marianomoreno.gob.ec\/azuay\/?s={search_term_string}"},"query-input":{"@type":"PropertyValueSpecification","valueRequired":true,"valueName":"search_term_string"}}],"inLanguage":"es"},{"@type":"Organization","@id":"https:\/\/marianomoreno.gob.ec\/azuay\/#organization","name":"GAD Mariano Moreno Azuay","url":"https:\/\/marianomoreno.gob.ec\/azuay\/","logo":{"@type":"ImageObject","inLanguage":"es","@id":"https:\/\/marianomoreno.gob.ec\/azuay\/#\/schema\/logo\/image\/","url":"https:\/\/marianomoreno.gob.ec\/azuay\/wp-content\/uploads\/2020\/06\/logoFooter.png","contentUrl":"https:\/\/marianomoreno.gob.ec\/azuay\/wp-content\/uploads\/2020\/06\/logoFooter.png","width":200,"height":150,"caption":"GAD Mariano Moreno Azuay"},"image":{"@id":"https:\/\/marianomoreno.gob.ec\/azuay\/#\/schema\/logo\/image\/"}}]}},"_links":{"self":[{"href":"https:\/\/marianomoreno.gob.ec\/azuay\/wp-json\/wp\/v2\/pages\/2912","targetHints":{"allow":["GET"]}}],"collection":[{"href":"https:\/\/marianomoreno.gob.ec\/azuay\/wp-json\/wp\/v2\/pages"}],"about":[{"href":"https:\/\/marianomoreno.gob.ec\/azuay\/wp-json\/wp\/v2\/types\/page"}],"author":[{"embeddable":true,"href":"https:\/\/marianomoreno.gob.ec\/azuay\/wp-json\/wp\/v2\/users\/6"}],"replies":[{"embeddable":true,"href":"https:\/\/marianomoreno.gob.ec\/azuay\/wp-json\/wp\/v2\/comments?post=2912"}],"version-history":[{"count":42,"href":"https:\/\/marianomoreno.gob.ec\/azuay\/wp-json\/wp\/v2\/pages\/2912\/revisions"}],"predecessor-version":[{"id":4042,"href":"https:\/\/marianomoreno.gob.ec\/azuay\/wp-json\/wp\/v2\/pages\/2912\/revisions\/4042"}],"wp:attachment":[{"href":"https:\/\/marianomoreno.gob.ec\/azuay\/wp-json\/wp\/v2\/media?parent=2912"}],"curies":[{"name":"wp","href":"https:\/\/api.w.org\/{rel}","templated":true}]}}